{"id":2041,"date":"2015-03-12T13:38:36","date_gmt":"2015-03-12T11:38:36","guid":{"rendered":"http:\/\/www.for-free-hands.de\/?page_id=2041"},"modified":"2018-02-12T19:35:09","modified_gmt":"2018-02-12T17:35:09","slug":"2041-2","status":"publish","type":"page","link":"http:\/\/www.for-free-hands.de\/it\/2041-2\/","title":{"rendered":"Pagina Principale"},"content":{"rendered":"<p><span style=\"color: #000000;\"><div class=\"one-four first\"><div class=\"box-blue\"><div class=\"box\"><h4 class=\"box-title\"><span style=\"color: #000080;\"><strong>FOR FREE HANDS<\/strong><\/span><\/h4><\/span><\/p>\n<p><a href=\"http:\/\/www.for-free-hands.de\/wp-content\/uploads\/2013\/08\/Andreas-Akustik-2016-bw.jpg\"><img loading=\"lazy\" decoding=\"async\" class=\"alignnone wp-image-3092\" src=\"http:\/\/www.for-free-hands.de\/wp-content\/uploads\/2013\/08\/Andreas-Akustik-2016-bw-681x1024.jpg\" alt=\"\" width=\"186\" height=\"280\" srcset=\"http:\/\/www.for-free-hands.de\/wp-content\/uploads\/2013\/08\/Andreas-Akustik-2016-bw-681x1024.jpg 681w, http:\/\/www.for-free-hands.de\/wp-content\/uploads\/2013\/08\/Andreas-Akustik-2016-bw-200x300.jpg 200w, http:\/\/www.for-free-hands.de\/wp-content\/uploads\/2013\/08\/Andreas-Akustik-2016-bw-768x1154.jpg 768w, http:\/\/www.for-free-hands.de\/wp-content\/uploads\/2013\/08\/Andreas-Akustik-2016-bw.jpg 1181w\" sizes=\"auto, (max-width: 186px) 100vw, 186px\" \/><\/a><\/p>\n<p><span style=\"color: #000000;\"><strong>Christian Erber NDR:<\/strong><span style=\"color: #000000;\"> &#8230;<\/span><br \/>\n&#8220;L\u00b4Europa cresce insieme e un quartetto di Berlino ci mette la musica. I For Free Hands combinano arrangiamenti di Jazz moderno con suoni e ritmi caratteristici dei Balcani&#8221;. <\/span><\/p>\n<p><span style=\"color: #000000;\"><strong>URBAN JAZZ \u00a0| FUNK\u00a0| BALKAN<\/strong><\/span><strong>\u00a0<\/strong><\/p>\n<p><span style=\"color: #000000;\"><\/div><\/div><\/div><div class=\"one-four\"><div class=\"box-blue\"><div class=\"box\"><h4 class=\"box-title\"><span style=\"color: #000080;\"><strong>IL QUARTETTO<\/strong><\/span><\/h4><\/span><\/p>\n<p><a href=\"http:\/\/www.for-free-hands.de\/it\/gruppo\/\"><img loading=\"lazy\" decoding=\"async\" class=\"alignnone wp-image-3095\" src=\"http:\/\/www.for-free-hands.de\/wp-content\/uploads\/2013\/08\/Montage-RobDiego-Final-462x1024.jpg\" alt=\"\" width=\"185\" height=\"410\" srcset=\"http:\/\/www.for-free-hands.de\/wp-content\/uploads\/2013\/08\/Montage-RobDiego-Final-462x1024.jpg 462w, http:\/\/www.for-free-hands.de\/wp-content\/uploads\/2013\/08\/Montage-RobDiego-Final-135x300.jpg 135w, http:\/\/www.for-free-hands.de\/wp-content\/uploads\/2013\/08\/Montage-RobDiego-Final.jpg 506w\" sizes=\"auto, (max-width: 185px) 100vw, 185px\" \/><\/a><\/p>\n<p><span style=\"color: #000000;\"><b><strong>FOR FREE HANDS<\/strong>\u00a0<\/b>rappresenta la comunit\u00e1 jazz a livello internazionale basata a Berlino. Abbiano una nuova line-up, in cui le sezioni ritmiche sono conformate al vincitore dell&#8217;\u00a0<strong>ECHO\u00a0<\/strong>(German Jazz price)<\/span>\u00a0<a href=\"http:\/\/www.diegopinera.com\/\" target=\"_blank\" rel=\"noopener\"><span style=\"color: #000080;\"><strong>Diego Pi\u00f1era<\/strong><\/span><\/a>\u00a0<span style=\"color: #000000;\">(UY) alle percussioni e<\/span>\u00a0<a href=\"http:\/\/www.robertobadoglio.com\/\" target=\"_blank\" rel=\"noopener\"><span style=\"color: #000080;\"><strong>Roberto Badoglio<\/strong><\/span><\/a><span style=\"color: #000000;\"><b>\u00a0<\/b>(I) al basso, l&#8217;ultimo studi\u00f3 a New York da Matthew Garrison.<\/span><\/p>\n<p><span style=\"color: #000000;\"><\/div><\/div><\/div><div class=\"one-four\"><div class=\"box-blue\"><div class=\"box\"><h4 class=\"box-title\"><span style=\"color: #000080;\"><strong>PREMI<\/strong><\/span><\/h4><\/span><\/p>\n<p><a href=\"http:\/\/www.for-free-hands.de\/wp-content\/uploads\/2014\/06\/Vladimir-1.jpg\"><img loading=\"lazy\" decoding=\"async\" class=\"alignnone wp-image-3115\" src=\"http:\/\/www.for-free-hands.de\/wp-content\/uploads\/2014\/06\/Vladimir-1-681x1024.jpg\" alt=\"\" width=\"189\" height=\"284\" srcset=\"http:\/\/www.for-free-hands.de\/wp-content\/uploads\/2014\/06\/Vladimir-1-681x1024.jpg 681w, http:\/\/www.for-free-hands.de\/wp-content\/uploads\/2014\/06\/Vladimir-1-200x300.jpg 200w, http:\/\/www.for-free-hands.de\/wp-content\/uploads\/2014\/06\/Vladimir-1-768x1154.jpg 768w\" sizes=\"auto, (max-width: 189px) 100vw, 189px\" \/><\/a><\/p>\n<p><span style=\"color: #000000;\"><strong>FOR FREE HANDS<\/strong> sono i vincitori del Studiopreis Jazz, organizzati dalla Kultursenat Berlino. Il nuovo album &#8220;Kaleidoscope Libert\u00e0&#8221; suscita ispirazione dalla Camus citazione: &#8220;La libert\u00e0 non esiste senza la comprensione reciproca&#8221; ed \u00e8 stato pubblicato da<\/span> <strong><span style=\"color: #000080;\"><a style=\"color: #000080;\" href=\"http:\/\/www.laika-records.com\/\">LAIKA Records<\/a><\/span><\/strong><\/p>\n<p><span style=\"color: #000000;\">\u00a0<\/span><\/p>\n<p><\/div><\/div><\/div><div class=\"one-four last\"><div class=\"box-blue\"><div class=\"box\"><h4 class=\"box-title\"><strong><span style=\"color: #000080;\">PROSSIMI CONCERTI<\/span>:<\/strong><\/h4><\/p>\n<div class=\"entry\">\n<div id=\"page\">\n<div id=\"content\" class=\"narrowcolumn\">\n<div id=\"post-2861\" class=\"post\">\n<div class=\"entry\">\n<div><\/div>\n<div>\n<div id=\"page\"><span style=\"color: #000000;\"><strong>Sabato, 29.09.2018, 9:30 pm\u00a0@Jazzclub Schlot<\/strong><\/span><\/div>\n<div id=\"page\">\n<div id=\"page\">\n<div id=\"page\">\n<div id=\"page\">\n<div class=\"entry\">\n<div id=\"page\">\n<div><span style=\"color: #000000;\">Invalidenstrasse 117, 10115 Berlin<\/span><br \/>\n<span style=\"color: #000000;\"> <strong>www.kunstfabrik-schlot.de<\/strong><\/span><\/div>\n<\/div>\n<\/div>\n<\/div>\n<div>\n<p><span style=\"color: #000000;\" data-word=\"pr\u00e9paration\u00a0\">Nuovi concerti sono in preparazione!<\/span><\/p>\n<\/div>\n<\/div>\n<\/div>\n<\/div>\n<\/div>\n<p><span style=\"line-height: inherit;\"><\/div><\/div><\/span><\/p>\n<\/div>\n<\/div>\n<\/div>\n<\/div>\n<\/div>\n<p><\/div><div class=\"clear\"><\/div><\/p>\n","protected":false},"excerpt":{"rendered":"","protected":false},"author":1,"featured_media":0,"parent":0,"menu_order":0,"comment_status":"closed","ping_status":"closed","template":"","meta":{"footnotes":""},"class_list":["post-2041","page","type-page","status-publish","hentry"],"_links":{"self":[{"href":"http:\/\/www.for-free-hands.de\/it\/wp-json\/wp\/v2\/pages\/2041","targetHints":{"allow":["GET"]}}],"collection":[{"href":"http:\/\/www.for-free-hands.de\/it\/wp-json\/wp\/v2\/pages"}],"about":[{"href":"http:\/\/www.for-free-hands.de\/it\/wp-json\/wp\/v2\/types\/page"}],"author":[{"embeddable":true,"href":"http:\/\/www.for-free-hands.de\/it\/wp-json\/wp\/v2\/users\/1"}],"replies":[{"embeddable":true,"href":"http:\/\/www.for-free-hands.de\/it\/wp-json\/wp\/v2\/comments?post=2041"}],"version-history":[{"count":86,"href":"http:\/\/www.for-free-hands.de\/it\/wp-json\/wp\/v2\/pages\/2041\/revisions"}],"predecessor-version":[{"id":3799,"href":"http:\/\/www.for-free-hands.de\/it\/wp-json\/wp\/v2\/pages\/2041\/revisions\/3799"}],"wp:attachment":[{"href":"http:\/\/www.for-free-hands.de\/it\/wp-json\/wp\/v2\/media?parent=2041"}],"curies":[{"name":"wp","href":"https:\/\/api.w.org\/{rel}","templated":true}]}}